{"id":18575,"date":"2016-05-05T19:34:03","date_gmt":"2016-05-05T18:34:03","guid":{"rendered":"http:\/\/gorbeiakoaterpea.eus\/es\/?page_id=18575"},"modified":"2026-01-06T13:06:42","modified_gmt":"2026-01-06T12:06:42","slug":"alojamiento","status":"publish","type":"page","link":"https:\/\/gorbeiakoaterpea.eus\/es\/alojamiento\/","title":{"rendered":"Alojamiento"},"content":{"rendered":"<section class=\"wpb-content-wrapper\"><p><img loading=\"lazy\" class=\" wp-image-18667 aligncenter\" src=\"http:\/\/gorbeiakoaterpea.eus\/wp-content\/uploads\/2016\/05\/logo-imagen-300x111.png\" alt=\"logo imagen\" width=\"230\" height=\"85\" srcset=\"https:\/\/gorbeiakoaterpea.eus\/wp-content\/uploads\/2016\/05\/logo-imagen-300x111.png 300w, https:\/\/gorbeiakoaterpea.eus\/wp-content\/uploads\/2016\/05\/logo-imagen-145x53.png 145w, https:\/\/gorbeiakoaterpea.eus\/wp-content\/uploads\/2016\/05\/logo-imagen-250x92.png 250w, https:\/\/gorbeiakoaterpea.eus\/wp-content\/uploads\/2016\/05\/logo-imagen.png 480w\" sizes=\"(max-width: 230px) 100vw, 230px\" \/><\/p>\n<p>&nbsp;<\/p>\n<h2>Servicios para alojados en el refugio<\/h2>\n<ul>\n<li>Placas solares, disponemos de energ\u00eda el\u00e9ctrica limitada, es necesario hacer un uso sostenible \u00abaustero\u00bb de la misma<\/li>\n<li>24 plazas en dos habitaciones, una para 10 y otra para 14.<\/li>\n<li>Ducha agua caliente dentro del horario establecido<\/li>\n<li>Alquiler de saco s\u00e1bana<\/li>\n<li>Aula polivalente para actividades dotada de conexi\u00f3n a internet y pantalla<\/li>\n<li>Cocina libre con menaje b\u00e1sico. No hay gas de uso libre, ni electrodom\u00e9sticos, los usuarios deben traer su propia cocina.<\/li>\n<li>Organizaci\u00f3n de actividades a grupos, excursiones, pr\u00e1cticas de orientaci\u00f3n,&#8230;<\/li>\n<li>Servicio de cenas, desayuno y picnic. La opci\u00f3n Media Pensi\u00f3n incluye: Cena el d\u00eda de entrada, dormir y desayuno la siguiente jornada.<\/li>\n<li>No se admiten perros en el refugio<\/li>\n<\/ul>\n<h2>Horarios<\/h2>\n<ul>\n<li>Desayuno antes de las 09:00, tambi\u00e9n si se desayuna por libre<\/li>\n<li>Cena \u00a0a las 20:00 .<\/li>\n<li>Durante la tarde, entre las 17:00 y las 18:30 se cerrar\u00e1 el refugio para realizar la limpieza diaria. Cuando la climatolog\u00eda sea adversa, durante el horario de cierre \u00a0se permitir\u00e1 el acceso al aula polivalente a los alojados.<\/li>\n<li>A partir de las 09:00 no se acceder\u00e1 a las habitaciones hasta las 17:00 en invierno y las 19:00 en verano.<\/li>\n<li>Horario de ducha de las 17:00 a las 20:00<\/li>\n<li>El d\u00eda de la salida del alojamiento la habitaci\u00f3n quedar\u00e1 libre antes de las 09:00<\/li>\n<li>El d\u00eda de la salida del alojamiento quienes utilicen la cocina libre deber\u00e1n dejarla limpia y recogida antes de las 10:00<\/li>\n<li>Los usuarios de la cocina libre deber\u00e1n dejar la misma limpia y recogida antes de las 22:00 en invierno y 23:00 en verano<\/li>\n<li>A partir de las 22:00 en invierno y 23:00 en verano se guardar\u00e1 silencio y no se podr\u00e1 permanecer ni en el comedor ni en la cocina libre ni en el aula polivalente. Esto implica que las necesidades higi\u00e9nicas se realizar\u00e1n antes de estos horarios.<\/li>\n<\/ul>\n<h2>Normas para las personas alojadas en el refugio<\/h2>\n<ul>\n<li>En los horarios de desayuno y cena tendr\u00e1n preferencia en el uso del comedor las cenas y desayunos concertados con el guarda<\/li>\n<li>Entre las 13:00 y las 15:30 tendr\u00e1n preferencia en el uso del comedor las comidas servidas por el guarda<\/li>\n<li>No se acceder\u00e1 a las habitaciones entre las 09:00 y las 17:00 en invierno y las 19:00 en verano sin permiso expreso del guarda<\/li>\n<li>A las habitaciones se acceder\u00e1 siempre con calzado tipo sandalias, zapatillas, de uso exclusivo en el refugio, en ning\u00fan caso se acceder\u00e1 con calzado de monta\u00f1a.<\/li>\n<li>El material duro no se sube a las habitaciones, bastones, piolets, crampones&#8230;.<\/li>\n<li>Mientras estemos alojados la comida se deja en la cocina libre, en ning\u00fan caso en las habitaciones.<\/li>\n<li>Mientras estemos alojados, la basura que generemos la dejaremos en la cocina libre, en ning\u00fan caso en las habitaciones, y ser\u00e1 nuestra responsabilidad evacuarla fuera del Parque Natural \u00a0cuando termine nuestra estancia en el refugio.<\/li>\n<li>Cuando termine nuestra estancia en el refugio no dejaremos ning\u00fan tipo de alimento en la cocina libre.<\/li>\n<li>La limpieza de la cocina libre es responsabilidad de las personas alojadas que la utilicen.<\/li>\n<li>Es responsabilidad de los adultos que acompa\u00f1an a los menores mantener las normas l\u00f3gicas de convivencia en todas las instalaciones del refugio. Cada espacio tiene su uso, las habitaciones no son espacios de juego, son espacios de descanso compartido.<\/li>\n<li>No se admiten perros en el refugio<\/li>\n<\/ul>\n<h2><strong>La realizaci\u00f3n de una reserva implica la aceptaci\u00f3n de las normas de funcionamiento y horarios del establecimiento:<\/strong><\/h2>\n<p>El alojamiento es en habitaci\u00f3n m\u00faltiple compartida.<br \/>\nEs obligatorio utilizar saco de dormir o saco s\u00e1bana; en caso de no disponer, el refugio ofrece este servicio en alquiler.<br \/>\nPara alojarse en el refugio es necesario presentar el DNI o documentaci\u00f3n similar al guarda para rellenar la ficha de alojados.<br \/>\nLa tarifa de federado se aplicar\u00e1 solamente a federados de la EMF-FVM, ser\u00e1 necesario mostrar al guarda la acreditaci\u00f3n correspondiente del a\u00f1o en curso.<br \/>\nPara acceder a los descuentos a federados de la FEEC y Gu\u00edas de Monta\u00f1a UIMLA y UIAA el guarda solicitar\u00e1 la acreditaci\u00f3n correspondiente del a\u00f1o en curso.<br \/>\nA las habitaciones no se accede con botas o calzado utilizado en monta\u00f1a.<br \/>\nA las habitaciones no se sube nada de comida, ni material duro (crampones, piolets, bastones, \u2026).<br \/>\nEn las habitaciones no se come.<br \/>\nLas almohadas y edredones tienen que permanecer siempre sobre las camas, nunca en el suelo.<br \/>\nDe las nueve de la ma\u00f1ana hasta las cinco de la tarde no se acceder\u00e1 a las habitaciones sin autorizaci\u00f3n expresa del guarda.<br \/>\nLos menores acceder\u00e1n siempre a las habitaciones acompa\u00f1ados de un adulto.<br \/>\nA partir de las diez de la noche en invierno y de las once de la noche en verano silencio. Esto significa que nuestras necesidades de aseo se tienen que realizar antes de esta hora.<br \/>\nLas botas se dejar\u00e1n en las baldas de la entrada no en el suelo.<br \/>\nLos alojados tienen derecho a utilizar la cocina libre durante su estancia, y la obligaci\u00f3n de dejarla limpia y recogida al finalizar la misma. Ser\u00e1 responsabilidad de las personas alojadas que utilicen la cocina libre, recoger y limpiar la misma antes de las 22:30 en verano y las 22:00 en invierno.<br \/>\nEst\u00e1 totalmente prohibido dejar cualquier tipo de comida, sobra, condimento, etc. en la cocina libre.<br \/>\nCada usuario es responsable de gestionar la basura que genere.<br \/>\nEn el refugio no disponemos de energ\u00eda el\u00e9ctrica de uso libre, no se puede enchufar a la red ning\u00fan dispositivo sin autorizaci\u00f3n expresa del guarda.<br \/>\nLos alojados disponen de servicio de ducha en horario de tarde, no se puede utilizar la ducha por la ma\u00f1ana ni despu\u00e9s del horario de silencio.<br \/>\nEn las habitaciones siempre se respetar\u00e1 el descanso de los dem\u00e1s, no se pueden utilizar dispositivos de m\u00fasica; siempre que sea necesario utilizaremos linterna en vez del alumbrado para no molestar e intentaremos hacer el menor ruido posible.<br \/>\nEl d\u00eda de salida la habitaci\u00f3n se dejar\u00e1 libre antes de las nueve de la ma\u00f1ana.<br \/>\nEl d\u00eda de salida hay que dejar limpia y recogida la cocina libre antes de las 10 de la ma\u00f1ana. Si necesitamos espacio para dejar cosas durante esa jornada lo comunicaremos al guarda.<br \/>\nEn caso de emergencia el refugio acoger\u00e1 cuantas personas sean necesarias y colaborar\u00e1 con los responsables de la gesti\u00f3n de dicha emergencia en todo lo necesario. Ser\u00e1 obligaci\u00f3n de todos los usuarios respetar las decisiones que tome el guarda en estas situaciones.<br \/>\nEquipos de rescate, personas implicadas en accidentes o en situaciones de riesgo tendr\u00e1n prioridad en el uso de las instalaciones del refugio, incluso ante las personas alojadas o con reserva. La gesti\u00f3n de estas situaciones ser\u00e1 responsabilidad del guarda.<br \/>\nNo se admiten animales en el refugio.<br \/>\nHorarios<br \/>\nLas duchas ser\u00e1n siempre en horario de tarde, entre las 17:00 y las 20:00.<br \/>\nDesayunos, ya sean contratados en el refugio o por cuenta del cliente, ser\u00e1n siempre antes de las nueve de la ma\u00f1ana.<br \/>\nCenas, tanto las cenas concertadas como las que se realicen por cuenta del cliente se realizar\u00e1n siempre respetando el horario del refugio, en invierno a las 20:00 y en verano a las 20:30.<br \/>\nLos men\u00fas que se sirven son cerrados, y no existe la posibilidad de elegir entre varios platos o una carta. En caso de alergias, personas vegetarianas, etc. Se informar\u00e1 al guarda al hacer la reserva para tomar en cuenta las necesidades concretas en cada caso.<br \/>\nLa habitaci\u00f3n se abandona el d\u00eda de la salida antes de las 09:00. A partir de esta hora ya no se estar\u00e1 alojado en el refugio.<br \/>\nLa limpieza del comedor y servicios se realizar\u00e1 entre las 16:30 y las 18:30. Durante este horario el acceso al refugio se realizar\u00e1 seg\u00fan lo permitan los trabajos de limpieza.<br \/>\nAnticipo de reserva<br \/>\nPara la realizaci\u00f3n de una reserva es necesario hacer un anticipo de la misma equivalente al 50% de los servicios solicitados.<br \/>\nSe aplicar\u00e1 la tarifa correspondiente a la fecha de pernoctaci\u00f3n no la tarifa vigente en el momento de realizar la reserva. Esto es, en las reservas de un a\u00f1o para otro se aplicar\u00e1 la tarifa vigente el a\u00f1o de la pernoctaci\u00f3n.<\/p>\n<p>&nbsp;<\/p>\n<h3>Las condiciones de anulaci\u00f3n de una reserva\u00a0 son las siguientes:<\/h3>\n<p>Si las reservas se anulan antes de 16 d\u00edas de la fecha de la reserva, se devolver\u00e1 el 50% del anticipo cobrado menos los costes de devoluci\u00f3n y del motor de reservas.<br \/>\nSi se anulan entre 6 y 15 d\u00edas antes de la fecha de la reserva se cobrar\u00e1 el 50% del total de los servicios contratados,\u00a0 . En el caso de que la anulaci\u00f3n sea de parte de las plazas reservadas, el titular de la reserva se compromete a abonar el 50% de los servicios reservados para las plazas anuladas. Esto es, si reservamos media pensi\u00f3n para 10 personas y entre 6 y 15 antes de la fecha establecida comunicamos que el grupo ser\u00e1 de 5 personas, el titular de la reserva se compromete a abonar el 50% de los servicios contratados para las 5 plazas anuladas.<br \/>\nSi se anulan en los \u00faltimos 5 d\u00edas anteriores a la fecha de la reserva, se cobrar\u00e1 el 100% del total de los servicios contratados. En el caso de que la anulaci\u00f3n sea de parte de las plazas reservadas, el titular de la reserva se compromete a abonar el 100% de los servicios reservados para las plazas anuladas. Esto es, si reservamos media pensi\u00f3n para 10 personas y dentro de los \u00faltimos 5 d\u00edas antes de la fecha establecida comunicamos que el grupo ser\u00e1 de 5 personas, el titular de la reserva se compromete a abonar el 100% de los servicios contratados para las 5 plazas anuladas.<br \/>\nEn caso de que el guarda considere que la anulaci\u00f3n es por \u201cfuerza mayor\u201d el anticipo abonado quedar\u00e1 en dep\u00f3sito para la realizaci\u00f3n de otra reserva en otra fecha dentro del a\u00f1o en curso. Si la anulaci\u00f3n ha sido parcial,\u00a0y el guarda considera que es por fuerza mayor, el dinero abonado por los servicios anulados quedar\u00e1 en dep\u00f3sito a nombre del titular de la reserva para la realizaci\u00f3n de otra reserva dentro del a\u00f1o en curso.<\/p>\n<p><a name=\"tarifas\"><\/a><\/p>\n<h2>Tarifas V\u00e1lidas hasta 31 de diciembre de 2026<\/h2>\n<p>[vc_row][vc_column][vc_tta_tour style=\u00bbflat\u00bb color=\u00bbgreen\u00bb active_section=\u00bb1&#8243;][vc_tta_section title=\u00bbFederados EMF\u00bb tab_id=\u00bbfederados\u00bb][vc_column_text]<\/p>\n<table class=\"tabla-precios\" style=\"width: 58%; height: 236px;\">\n<thead>\n<tr>\n<td style=\"width: 179px;\"><\/td>\n<td style=\"width: 110px;\">Menor de 6 a\u00f1os<\/td>\n<td style=\"width: 94px;\">De 6 a 15 a\u00f1os<\/td>\n<td style=\"width: 100px;\">M\u00e1s de 15 a\u00f1os<\/td>\n<\/tr>\n<\/thead>\n<tbody>\n<tr>\n<th style=\"width: 179px;\">Pernocta<\/th>\n<td style=\"width: 110px;\">11 \u20ac<\/td>\n<td style=\"width: 94px;\">15 \u20ac<\/td>\n<td style=\"width: 100px;\">20 \u20ac<\/td>\n<\/tr>\n<tr>\n<th style=\"width: 179px;\">Media Pensi\u00f3n<\/th>\n<td style=\"width: 110px;\">26\u20ac<\/td>\n<td style=\"width: 94px;\">38 \u20ac<\/td>\n<td style=\"width: 100px;\">46 \u20ac<\/td>\n<\/tr>\n<tr>\n<th style=\"width: 179px;\">Cena<\/th>\n<td style=\"width: 110px;\">13 \u20ac<\/td>\n<td style=\"width: 94px;\">19 \u20ac<\/td>\n<td style=\"width: 100px;\">20 \u20ac<\/td>\n<\/tr>\n<tr>\n<th style=\"width: 179px;\">Desayuno<\/th>\n<td style=\"width: 110px;\">8 \u20ac<\/td>\n<td style=\"width: 94px;\">11 \u20ac<\/td>\n<td style=\"width: 100px;\">12 \u20ac<\/td>\n<\/tr>\n<tr>\n<th style=\"width: 179px;\">Picnic<\/th>\n<td style=\"width: 110px;\">10 \u20ac<\/td>\n<td style=\"width: 94px;\">13 \u20ac<\/td>\n<td style=\"width: 100px;\">13 \u20ac<\/td>\n<\/tr>\n<tr>\n<th style=\"width: 179px;\">Alquiler saco s\u00e1bana<\/th>\n<td style=\"width: 110px;\">4 \u20ac<\/td>\n<td style=\"width: 94px;\">4 \u20ac<\/td>\n<td style=\"width: 100px;\">4 \u20ac<\/td>\n<\/tr>\n<\/tbody>\n<\/table>\n<p>[\/vc_column_text][\/vc_tta_section][vc_tta_section title=\u00bbNo federados\u00bb tab_id=\u00bbno-federados\u00bb][vc_column_text]<\/p>\n<table class=\"tabla-precios\" style=\"width: 97.2876%;\">\n<thead>\n<tr>\n<td><\/td>\n<td>Menor de 6 a\u00f1os<\/td>\n<td>De 6 a 15 a\u00f1os<\/td>\n<td>M\u00e1s de 15 a\u00f1os<\/td>\n<\/tr>\n<\/thead>\n<tbody>\n<tr>\n<th>Pernocta<\/th>\n<td>14 \u20ac<\/td>\n<td>18 \u20ac<\/td>\n<td>25 \u20ac<\/td>\n<\/tr>\n<tr>\n<th>Media Pensi\u00f3n<\/th>\n<td>32 \u20ac<\/td>\n<td>44 \u20ac<\/td>\n<td>54 \u20ac<\/td>\n<\/tr>\n<tr>\n<th>Cena<\/th>\n<td>13 \u20ac<\/td>\n<td>19 \u20ac<\/td>\n<td>20 \u20ac<\/td>\n<\/tr>\n<tr>\n<th>Desayuno<\/th>\n<td>8 \u20ac<\/td>\n<td>11 \u20ac<\/td>\n<td>12 \u20ac<\/td>\n<\/tr>\n<tr>\n<th>Picnic<\/th>\n<td>10 \u20ac<\/td>\n<td>13 \u20ac<\/td>\n<td>13 \u20ac<\/td>\n<\/tr>\n<tr>\n<th>Alquiler saco s\u00e1bana<\/th>\n<td>4 \u20ac<\/td>\n<td>4 \u20ac<\/td>\n<td>\u00a04 \u20ac<\/td>\n<\/tr>\n<\/tbody>\n<\/table>\n<p>[\/vc_column_text][\/vc_tta_section][\/vc_tta_tour][\/vc_column][\/vc_row]<\/p>\n<h2>Descuentos<\/h2>\n<ul>\n<li><strong>Familias con dos o m\u00e1s menores:<\/strong> 10% en media pensi\u00f3n<\/li>\n<li><strong>Grupos de 10 o m\u00e1s personas:<\/strong> 10% en media pensi\u00f3n<\/li>\n<li><strong>Gu\u00edas de monta\u00f1a UIAGM y\u00a0UIMLA:<\/strong> 10% en media pensi\u00f3n<\/li>\n<li><strong>Gu\u00edas de monta\u00f1a UIAGM y UIMLA ejerciendo\u00a0 con\u00a0clientes que contraten M\/P:<\/strong>\u00a0gratuito\u00a0para el gu\u00eda.<\/li>\n<li><strong>A todos los\u00a0 federados y federadas de las federaciones adheridas a la Correspondencia Mutua de Refugios\u00a0 \u00a0 <\/strong><\/li>\n<li><strong>\u00a0 .<a href=\"https:\/\/gorbeiakoaterpea.eus\/wp-content\/uploads\/2023\/09\/logo-refus.png\"><img loading=\"lazy\" class=\"alignnone wp-image-19766\" src=\"https:\/\/gorbeiakoaterpea.eus\/wp-content\/uploads\/2023\/09\/logo-refus.png\" alt=\"\" width=\"49\" height=\"49\" \/><\/a><\/strong><\/li>\n<\/ul>\n<\/section>","protected":false},"excerpt":{"rendered":"<p>&nbsp; Servicios para alojados en el refugio Placas solares, disponemos de energ\u00eda el\u00e9ctrica limitada, es&#8230;<\/p>\n","protected":false},"author":3,"featured_media":0,"parent":0,"menu_order":0,"comment_status":"closed","ping_status":"closed","template":"","meta":[],"aioseo_notices":[],"_links":{"self":[{"href":"https:\/\/gorbeiakoaterpea.eus\/es\/wp-json\/wp\/v2\/pages\/18575"}],"collection":[{"href":"https:\/\/gorbeiakoaterpea.eus\/es\/wp-json\/wp\/v2\/pages"}],"about":[{"href":"https:\/\/gorbeiakoaterpea.eus\/es\/wp-json\/wp\/v2\/types\/page"}],"author":[{"embeddable":true,"href":"https:\/\/gorbeiakoaterpea.eus\/es\/wp-json\/wp\/v2\/users\/3"}],"replies":[{"embeddable":true,"href":"https:\/\/gorbeiakoaterpea.eus\/es\/wp-json\/wp\/v2\/comments?post=18575"}],"version-history":[{"count":27,"href":"https:\/\/gorbeiakoaterpea.eus\/es\/wp-json\/wp\/v2\/pages\/18575\/revisions"}],"predecessor-version":[{"id":20152,"href":"https:\/\/gorbeiakoaterpea.eus\/es\/wp-json\/wp\/v2\/pages\/18575\/revisions\/20152"}],"wp:attachment":[{"href":"https:\/\/gorbeiakoaterpea.eus\/es\/wp-json\/wp\/v2\/media?parent=18575"}],"curies":[{"name":"wp","href":"https:\/\/api.w.org\/{rel}","templated":true}]}}